{"id":14,"date":"2016-04-06T09:02:37","date_gmt":"2016-04-06T09:02:37","guid":{"rendered":"http:\/\/www.tgn.chatelard18.ch\/wordpress_e\/?page_id=14"},"modified":"2016-12-28T07:37:19","modified_gmt":"2016-12-28T07:37:19","slug":"archives","status":"publish","type":"page","link":"https:\/\/www.tgn.chatelard18.ch\/wordpress_e\/?page_id=14","title":{"rendered":"Archives"},"content":{"rendered":"<p>Quelques r\u00e9sum\u00e9s des assembl\u00e9es g\u00e9n\u00e9rales du club Tandem Gymnastique Neuch\u00e2tel<\/p>\n<p>&nbsp;<\/p>\n<ul>\n<li><a href=\"https:\/\/www.tgn.chatelard18.ch\/wordpress_e\/wp-content\/uploads\/2016\/05\/2016-Proc\u00e8s-verbal-assembl\u00e9e-09_04_2016_court.pdf\">Proc\u00e8s-verbal de l&rsquo;assembl\u00e9e g\u00e9n\u00e9rale 2016<\/a><\/li>\n<li>&#8230;<\/li>\n<li><a href=\"https:\/\/www.tgn.chatelard18.ch\/wordpress_e\/wp-content\/uploads\/2016\/04\/pv_ag_2014.pdf\" target=\"_blank\">Proc\u00e8s-verbal de l&rsquo;assembl\u00e9e g\u00e9n\u00e9rale 2014<\/a><\/li>\n<li><a href=\"https:\/\/www.tgn.chatelard18.ch\/wordpress_e\/wp-content\/uploads\/2016\/04\/pv_ag_2013.pdf\" target=\"_blank\">Proc\u00e8s-verbal de l&rsquo;assembl\u00e9e g\u00e9n\u00e9rale 2013<\/a><\/li>\n<li><a href=\"https:\/\/www.tgn.chatelard18.ch\/wordpress_e\/wp-content\/uploads\/2016\/04\/pv_ag_2012.pdf\" target=\"_blank\">Proc\u00e8s-verbal de l&rsquo;assembl\u00e9e g\u00e9n\u00e9rale 2012<\/a><\/li>\n<li><a href=\"https:\/\/www.tgn.chatelard18.ch\/wordpress_e\/wp-content\/uploads\/2016\/04\/pv_ag_2011.pdf\" target=\"_blank\">Proc\u00e8s-verbal de l&rsquo;assembl\u00e9e g\u00e9n\u00e9rale 2011<\/a><\/li>\n<li><a href=\"https:\/\/www.tgn.chatelard18.ch\/wordpress_e\/wp-content\/uploads\/2016\/04\/pv_ag_2010.pdf\">Proc\u00e9s-verbal de l&rsquo;assembl\u00e9e g\u00e9n\u00e9rale 2010<\/a><\/li>\n<\/ul>\n<p>&nbsp;<\/p>\n","protected":false},"excerpt":{"rendered":"<p>Quelques r\u00e9sum\u00e9s des assembl\u00e9es g\u00e9n\u00e9rales du club Tandem Gymnastique Neuch\u00e2tel &nbsp; Proc\u00e8s-verbal de l&rsquo;assembl\u00e9e g\u00e9n\u00e9rale 2016 &#8230; Proc\u00e8s-verbal de l&rsquo;assembl\u00e9e g\u00e9n\u00e9rale 2014 Proc\u00e8s-verbal de l&rsquo;assembl\u00e9e g\u00e9n\u00e9rale 2013 Proc\u00e8s-verbal de l&rsquo;assembl\u00e9e g\u00e9n\u00e9rale 2012 Proc\u00e8s-verbal de l&rsquo;assembl\u00e9e g\u00e9n\u00e9rale 2011 Proc\u00e9s-verbal de l&rsquo;assembl\u00e9e g\u00e9n\u00e9rale 2010 &nbsp;<\/p>\n","protected":false},"author":2,"featured_media":0,"parent":0,"menu_order":0,"comment_status":"closed","ping_status":"closed","template":"page-full.php","meta":{"footnotes":"","_wp_rev_ctl_limit":"5"},"class_list":["post-14","page","type-page","status-publish","hentry"],"_links":{"self":[{"href":"https:\/\/www.tgn.chatelard18.ch\/wordpress_e\/index.php?rest_route=\/wp\/v2\/pages\/14","targetHints":{"allow":["GET"]}}],"collection":[{"href":"https:\/\/www.tgn.chatelard18.ch\/wordpress_e\/index.php?rest_route=\/wp\/v2\/pages"}],"about":[{"href":"https:\/\/www.tgn.chatelard18.ch\/wordpress_e\/index.php?rest_route=\/wp\/v2\/types\/page"}],"author":[{"embeddable":true,"href":"https:\/\/www.tgn.chatelard18.ch\/wordpress_e\/index.php?rest_route=\/wp\/v2\/users\/2"}],"replies":[{"embeddable":true,"href":"https:\/\/www.tgn.chatelard18.ch\/wordpress_e\/index.php?rest_route=%2Fwp%2Fv2%2Fcomments&post=14"}],"version-history":[{"count":4,"href":"https:\/\/www.tgn.chatelard18.ch\/wordpress_e\/index.php?rest_route=\/wp\/v2\/pages\/14\/revisions"}],"predecessor-version":[{"id":291,"href":"https:\/\/www.tgn.chatelard18.ch\/wordpress_e\/index.php?rest_route=\/wp\/v2\/pages\/14\/revisions\/291"}],"wp:attachment":[{"href":"https:\/\/www.tgn.chatelard18.ch\/wordpress_e\/index.php?rest_route=%2Fwp%2Fv2%2Fmedia&parent=14"}],"curies":[{"name":"wp","href":"https:\/\/api.w.org\/{rel}","templated":true}]}}